{"version":"1.0","provider_name":"&quot;Kar\u00e1csonynak \u00e9jszak\u00e1j\u00e1n&quot;","provider_url":"https:\/\/karacsonynakejszakajan.cafeblog.hu","author_name":"Chloe Monroe","author_url":"https:\/\/karacsonynakejszakajan.cafeblog.hu\/author\/huncutka-1-2-2-2\/","title":"Advent els\u0151 vas\u00e1rnapja","html":"<p style=\"text-align: justify;\"><span style=\"font-size: 18px;\"><span style=\"color: rgb(51, 51, 0);\"><span style=\"color: rgb(0, 51, 0);\"><span style=\"color: rgb(0, 0, 102);\">&nbsp;Kedves Olvas\u00f3!<\/span><\/span><\/span><\/span><\/p><p style=\"text-align: justify;\"><span style=\"color: rgb(0, 0, 102);\">A latin eredet\u0171 sz\u00f3 (adventus) meg\u00e9rkez\u00e9st jelent. A J\u00e9zus sz\u00fclet\u00e9s\u00e9re \nval\u00f3 v\u00e1rakoz\u00e1s, a felk\u00e9sz\u00fcl\u00e9s, a rem\u00e9nyked\u00e9s id\u0151szaka. Andr\u00e1s napj\u00e1hoz \nlegk\u00f6zelebb es\u0151 vas\u00e1rnap \u00e9s december 25-e k\u00f6z\u00f6tti n\u00e9gy hetes \"szent id\u0151\"\n a kar\u00e1csonyra val\u00f3 lelki felk\u00e9sz\u00fcl\u00e9s ideje. Advent els\u0151 vas\u00e1rnapja \nlegkor\u00e1bban november 27-\u00e9n, legk\u00e9s\u0151bb december 3-\u00e1n lehet. <\/span><br><br><span style=\"color: rgb(0, 0, 102);\">A \nr\u00e9gi id\u0151kben \u00e9jf\u00e9lkor harangsz\u00f3 hirdette advent, valamint az egyh\u00e1zi \u00e9v \nkezdet\u00e9t. Eredete az 5-6. sz\u00e1zadra ny\u00falik vissza, ebben az id\u0151ben az \nemberek szigor\u00fa b\u00f6jt\u00f6t tartottak. Napfelkelte el\u0151tt hajnali mis\u00e9ket \ntartottak, amelyeket \"angyali mis\u00e9nek\", \"aranyos mis\u00e9nek\" is neveztek. \n1611-ben a nagyszombati zsinat advent els\u0151 vas\u00e1rnapj\u00e1t\u00f3l v\u00edzkeresztig \nmegtiltotta az esk\u00fcv\u0151ket, zajos mulats\u00e1gokat. Egyes elm\u00e9letek szerint \nAdvent n\u00e9gy hete a Krisztus elj\u00f6vetele el\u0151tti n\u00e9gyezer \u00e9ves s\u00f6t\u00e9ts\u00e9get \nszimboliz\u00e1lja. Ennek az elm\u00e9letnek nincs igazol\u00e1sa a liturgi\u00e1ban. <\/span><br><br><span style=\"color: rgb(0, 0, 102);\">Az\n adventi koszor\u00fa hagyom\u00e1ny\u00e1nak&nbsp;els\u0151 nyomait a n\u00e9prajzkutat\u00f3k \u00e9szakon, a \nKeleti-tenger partvid\u00e9k\u00e9n \u00e9s szigetvil\u00e1g\u00e1ban tal\u00e1lt\u00e1k meg. \nF\u0171zfavessz\u0151b\u0151l koszor\u00fat fontak \u00e9s \u00f6r\u00f6kz\u00f6ldet csavartak k\u00f6r\u00e9. Ez a szok\u00e1s\n k\u00e9s\u0151bb Eur\u00f3pa m\u00e1s vid\u00e9kein is meghonosodott.&nbsp;<\/span><br><br><span style=\"color: rgb(0, 0, 102);\">A val\u00f3di adventi \nkoszor\u00fa k\u00e9sz\u00edt\u00e9se a 19. sz\u00e1zadban j\u00f6tt divatba. Egy hamburgi lelk\u00e9sz \notthon\u00e1ba egy hatalmas feny\u0151koszor\u00fat er\u0151s\u00edtett a mennyezetre, melyen 24 \ngyertya volt, minden adventi napra egy-egy. K\u00e9s\u0151bb az egyszer\u0171s\u00e9g \nkedv\u00e9\u00e9rt csak n\u00e9gy gyety\u00e1t helyeztek el a koszor\u00fan. Minden adventi \nvas\u00e1rnapon eggyel t\u00f6bb gyerty\u00e1t gy\u00fajtottak meg. A gyerty\u00e1kat v\u00f6r\u00f6s \u00e9s \naranyszalagokkal d\u00edsz\u00edtett\u00e9k, az \u00e9let \u00e9s f\u00e9ny jelk\u00e9p\u00e9vel. <\/span><br><br><span style=\"color: rgb(0, 0, 102);\">Az \nadvent az \u00fcnnepekre val\u00f3 r\u00e1hangol\u00f3d\u00e1s, a k\u00e9sz\u00fcl\u0151d\u00e9s ideje. Az id\u0151 \nm\u00fal\u00e1s\u00e1t leg\u00e9rz\u00e9kletesebben napt\u00e1rral m\u00e9rhetj\u00fck. Ez\u00e9rt k\u00e9sz\u00edtenek - f\u0151leg\n gyerekeknek - adventi napt\u00e1rt. A napt\u00e1r a k\u00e9sz\u00fcl\u0151d\u00e9s, v\u00e1rakoz\u00e1s idej\u00e9n \nminden nap egy apr\u00f3 aj\u00e1nd\u00e9kkal, \u00e9dess\u00e9ggel lepi meg a gyerekeket. (forr\u00e1s: Szant\u00e1l port\u00e1l)<\/span><\/p><p style=\"text-align: justify;\"><span style=\"color: rgb(0, 0, 102);\">Advent minden egyes vas\u00e1rnapj\u00e1n egy angyal sz\u00e1ll le k\u00f6z\u00e9nk...<\/span><\/p><p style=\"text-align: justify;\"><strong><em><u><span style=\"color: rgb(0, 0, 102);\">Az els\u0151 vas\u00e1rnap angyala<\/span><\/u><\/em><\/strong><span style=\"color: rgb(0, 0, 102);\">&nbsp; <\/span><br><span style=\"color: rgb(0, 0, 102);\">N\u00e9gy \nh\u00e9ttel kar\u00e1csony el\u0151tt valami nagyon fontos dolog t\u00f6rt\u00e9nik: egy angyal \nk\u00e9k k\u00f6penybe \u00f6lt\u00f6zve lesz\u00e1ll az \u00e9gb\u0151l, hogy k\u00f6zelebb h\u00faz\u00f3djon az \nemberekhez. A legt\u00f6bb ember ezt \u00e9szre sem veszi, mert t\u00fals\u00e1gosan el van \nfoglalva m\u00e1ssal. De azok, akik j\u00f3l figyelnek, meghallj\u00e1k a hangj\u00e1t. Ma \nvan az els\u0151 napja, hogy az angyal el\u0151sz\u00f6r sz\u00f3l, s keresni kezdik azokat,\n akik meg tudj\u00e1k \u00e9s meg akarj\u00e1k hallgatni \u0151t. <br><\/span><\/p><p style=\"text-align: justify;\"><span style=\"color: rgb(0, 0, 102);\">Teh\u00e1t legy\u00fcnk figyelmesek, h\u00e1tha meghalljuk az els\u0151 adventi angyal hangj\u00e1t! Az \u00e9n koszor\u00famon is m\u00e1r \u00e9g az els\u0151 gyertya, mely val\u00f3di melegs\u00e9ggel \u00e9s szeretettel t\u00f6lt\u00f6tt fel. Kezd\u0151dj\u00f6n h\u00e1t az \u00fcnnepi k\u00e9sz\u00fcl\u0151d\u00e9s, most m\u00e1r hivatalosan is! <br><\/span><\/p><p style=\"text-align: justify;\"><br><\/p><p style=\"text-align: justify;\"><span style=\"color: rgb(0, 0, 102);\"><br><\/span><\/p><iframe src=\"http:\/\/www.youtube.com\/embed\/E1ixLwlDcpU\" allowfullscreen=\"\" frameborder=\"0\" height=\"315\" width=\"420\"><\/iframe>","type":"rich"}