{"version":"1.0","provider_name":"&quot;Kar\u00e1csonynak \u00e9jszak\u00e1j\u00e1n&quot;","provider_url":"https:\/\/karacsonynakejszakajan.cafeblog.hu","author_name":"Chloe Monroe","author_url":"https:\/\/karacsonynakejszakajan.cafeblog.hu\/author\/huncutka-1-2-2-2\/","title":"Kezd\u0151dik!!!","html":"<P>&nbsp;<SPAN style=\"COLOR: #003300; FONT-SIZE: 13pt\"><STRONG>Itt van az \u0151sz, itt van \u00fajra!<?xml:namespace prefix = o ns = \"urn:schemas-microsoft-com:office:office\" \/><o:p><\/o:p><\/STRONG><\/SPAN><\/P>\r\n<P style=\"MARGIN: 0cm 0cm 0pt\" class=MsoNormal><SPAN style=\"COLOR: #003300; FONT-SIZE: 13pt\"><o:p><\/o:p><\/SPAN><\/P>\r\n<P style=\"MARGIN: 0cm 0cm 0pt\" class=MsoNormal align=justify><SPAN style=\"COLOR: #003300; FONT-SIZE: 13pt\">Kora reggel \u00e9reztem valami k\u00fcl\u00f6nlegeset a leveg\u0151ben. M\u00e9lyen beleszippantottam a hajnal illat\u00e1ba \u00e9s meg\u00e9reztem az \u0151szt! Hideg id\u0151, a k\u00e9m\u00e9nyek f\u00fcstje \u00e9s a zord felh\u0151k egyar\u00e1nt a kar\u00e1csonyi k\u00e9sz\u00fcl\u0151d\u00e9s hangulat\u00e1t id\u00e9zt\u00e9k fel bennem. Azokat a pillanatokat,<SPAN style=\"mso-spacerun: yes\">&nbsp; <\/SPAN>mikor bennt \u00fcld\u00f6g\u00e9lek a meleg szob\u00e1ban egy b\u00f6gre forr\u00f3 csokival \u00e9s d\u00edszeket k\u00e9sz\u00edtek vagy \u00e9ppen a<SPAN style=\"mso-spacerun: yes\">&nbsp; <\/SPAN>koszor\u00fat sz\u00e9p\u00edtgetem. <o:p><\/o:p><\/SPAN><\/P>\r\n<P style=\"MARGIN: 0cm 0cm 0pt\" class=MsoNormal align=justify><SPAN style=\"COLOR: #003300; FONT-SIZE: 13pt\"><o:p>&nbsp;<\/o:p><\/SPAN><\/P>\r\n<P style=\"MARGIN: 0cm 0cm 0pt\" class=MsoNormal align=justify><SPAN style=\"COLOR: #003300; FONT-SIZE: 13pt\">Hivatalosan is elkezdem a k\u00e9sz\u00fcl\u0151d\u00e9st (nem gondoltam, hogy augusztus utols\u00f3 napja m\u00e1r a kar\u00e1csonyt id\u00e9zheti, de a term\u00e9szet k\u00f6zbesz\u00f3lt). Oldalamon kar\u00e1csonyi mes\u00e9ket, verseket, kreat\u00edv \u00f6tleteket, tippeket, recepteket tapasztalatokat osztok majd meg, s pr\u00f3b\u00e1lom min\u00e9l \u00e9rdekesebb\u00e9 tenni a v\u00e1rakoz\u00e1s id\u0151szak\u00e1t. <o:p><\/o:p><\/SPAN><\/P>\r\n<P style=\"MARGIN: 0cm 0cm 0pt\" class=MsoNormal><SPAN style=\"COLOR: #003300; FONT-SIZE: 13pt\"><o:p>&nbsp;<\/o:p><\/SPAN><\/P>\r\n<P style=\"MARGIN: 0cm 0cm 0pt\" class=MsoNormal><SPAN style=\"COLOR: #003300; FONT-SIZE: 13pt\"><EM>Teh\u00e1t kezd\u0151dj\u00f6n a&nbsp;szok\u00e1sos <STRONG>KAR\u00c1CSONYI \u0150R\u00dcLET<\/STRONG>!!!<\/EM><\/SPAN><\/P>\r\n<P style=\"MARGIN: 0cm 0cm 0pt\" class=MsoNormal><SPAN style=\"COLOR: #003300; FONT-SIZE: 13pt\"><EM><\/EM><\/SPAN>&nbsp;<\/P>\r\n<P style=\"MARGIN: 0cm 0cm 0pt\" class=MsoNormal><SPAN style=\"COLOR: #003300; FONT-SIZE: 13pt\"><EM><o:p><IMG style=\"WIDTH: 417px; HEIGHT: 319px\" id=il_fi src=\"http:\/\/dunantulielet.files.wordpress.com\/2009\/12\/0karacsony20esernyo.jpg\" width=672 height=428><\/o:p><\/EM><\/SPAN><\/P>\r\n<P><\/P>","type":"rich"}